{"id":40256,"date":"2024-02-08T14:34:22","date_gmt":"2024-02-08T13:34:22","guid":{"rendered":"https:\/\/ritme.com\/chi-siamo\/demarche-rse\/"},"modified":"2024-06-18T10:23:46","modified_gmt":"2024-06-18T08:23:46","slug":"approccio-rsi","status":"publish","type":"page","link":"https:\/\/ritme.com\/it\/chi-siamo\/approccio-rsi\/","title":{"rendered":"Approccio RSI"},"content":{"rendered":"\n<h2 class=\"wp-block-heading has-text-align-center\" style=\"font-size:2.6rem\"><mark style=\"background-color:rgba(0, 0, 0, 0)\" class=\"has-inline-color has-ritme-blue-color\">IL NOSTRO APPROCCIO RSI<\/mark><\/h2>\n\n\n\n<div class=\"wp-block-getwid-advanced-spacer\" style=\"height:60px\" aria-hidden=\"true\"><\/div>\n\n\n\n<section class=\"wp-block-uagb-columns uagb-columns__wrap uagb-columns__background-none uagb-columns__stack-mobile uagb-columns__valign-center uagb-columns__gap-10 align uagb-block-db63a5bd uagb-columns__columns-2 uagb-columns__max_width-theme valign-center\"><div class=\"uagb-columns__overlay\"><\/div><div class=\"uagb-columns__inner-wrap uagb-columns__columns-2\">\n<div class=\"wp-block-uagb-column uagb-column__wrap uagb-column__background-undefined uagb-block-774c65be\"><div class=\"uagb-column__overlay\"><\/div>\n<figure class=\"wp-block-image size-full is-style-rounded\"><img loading=\"lazy\" decoding=\"async\" width=\"1024\" height=\"1024\" src=\"https:\/\/ritme.com\/wp-content\/uploads\/2024\/02\/Visuel-RSE-intro-02.png\" alt=\"Visuel d'introduction - D\u00e9marche RSE\" class=\"wp-image-36973\" srcset=\"https:\/\/ritme.com\/wp-content\/uploads\/2024\/02\/Visuel-RSE-intro-02.png 1024w, https:\/\/ritme.com\/wp-content\/uploads\/2024\/02\/Visuel-RSE-intro-02-500x500.png 500w, https:\/\/ritme.com\/wp-content\/uploads\/2024\/02\/Visuel-RSE-intro-02-300x300.png 300w, https:\/\/ritme.com\/wp-content\/uploads\/2024\/02\/Visuel-RSE-intro-02-768x768.png 768w\" sizes=\"auto, (max-width: 1024px) 100vw, 1024px\" \/><\/figure>\n<\/div>\n\n\n\n<div class=\"wp-block-uagb-column uagb-column__wrap uagb-column__background-undefined uagb-block-7d503a17\"><div class=\"uagb-column__overlay\"><\/div>\n<p>In qualit\u00e0 di distributore e integratore di soluzioni software per ricercatori e scienziati, RITME si impegna per un mondo digitale pi\u00f9 responsabile. Il nostro impegno per la Responsabilit\u00e0 Sociale d&#8217;Impresa (RSI) mira a migliorare il nostro impatto positivo sulla societ\u00e0, sull&#8217;ambiente e sui nostri clienti, partner e dipendenti. Questo obiettivo viene raggiunto attraverso iniziative <strong>sociali<\/strong>, <strong>societarie<\/strong>, <strong>ambientali<\/strong> ed <strong>economiche<\/strong>.<\/p>\n\n\n\n<p>Questo approccio permea ogni aspetto della nostra attivit\u00e0, dalla promozione di pratiche commerciali etiche alla riduzione della nostra impronta ambientale. Sosteniamo inoltre l&#8217;innovazione responsabile promuovendo pratiche sostenibili all&#8217;interno del nostro ecosistema, in un ambiente di lavoro che favorisce il benessere dei nostri dipendenti.<\/p>\n\n\n\n<p>In RITME stiamo lavorando per un futuro in cui tecnologia digitale e sostenibilit\u00e0 vadano di pari passo.<\/p>\n<\/div>\n<\/div><\/section>\n\n\n\n<div class=\"wp-block-getwid-advanced-spacer\" style=\"height:45px\" aria-hidden=\"true\"><\/div>\n\n\n\n<section class=\"wp-block-uagb-columns uagb-columns__wrap uagb-columns__background-none uagb-columns__stack-mobile uagb-columns__valign- uagb-columns__gap-10 align uagb-block-6dc94691 uagb-columns__columns-1 uagb-columns__max_width-theme\"><div class=\"uagb-columns__overlay\"><\/div><div class=\"uagb-columns__inner-wrap uagb-columns__columns-1\">\n<div class=\"wp-block-uagb-column uagb-column__wrap uagb-column__background-undefined uagb-block-b26ca9ac\"><div class=\"uagb-column__overlay\"><\/div>\n<hr class=\"wp-block-separator has-alpha-channel-opacity is-style-dots\"\/>\n<\/div>\n<\/div><\/section>\n\n\n\n<div class=\"wp-block-getwid-advanced-spacer\" style=\"height:40px\" aria-hidden=\"true\"><\/div>\n\n\n\n<h2 class=\"wp-block-heading has-text-align-center\" id=\"social\" style=\"font-size:2.4rem\">Il nostro approccio sociale: contribuire allo sviluppo dei nostri dipendenti<\/h2>\n\n\n\n<div class=\"wp-block-getwid-advanced-spacer\" style=\"height:40px\" aria-hidden=\"true\"><\/div>\n\n\n\n<section class=\"wp-block-uagb-columns uagb-columns__wrap uagb-columns__background-none uagb-columns__stack-mobile uagb-columns__valign-center uagb-columns__gap-10 align uagb-block-7da31159 uagb-columns__columns-1 uagb-columns__max_width-theme\"><div class=\"uagb-columns__overlay\"><\/div><div class=\"uagb-columns__inner-wrap uagb-columns__columns-1\">\n<div class=\"wp-block-uagb-column uagb-column__wrap uagb-column__background-undefined uagb-block-083d8d6f\"><div class=\"uagb-column__overlay\"><\/div><div class=\"wp-block-image is-style-rounded\">\n<figure class=\"aligncenter size-large is-resized\"><img loading=\"lazy\" decoding=\"async\" width=\"1024\" height=\"389\" src=\"https:\/\/ritme.com\/wp-content\/uploads\/2024\/02\/Visuel-RSE-social-1024x389.png\" alt=\"Photo d'\u00e9quipe RITME - Notre d\u00e9marche sociale \" class=\"wp-image-37004\" style=\"width:1130px;height:auto\" srcset=\"https:\/\/ritme.com\/wp-content\/uploads\/2024\/02\/Visuel-RSE-social-1024x389.png 1024w, https:\/\/ritme.com\/wp-content\/uploads\/2024\/02\/Visuel-RSE-social-500x190.png 500w, https:\/\/ritme.com\/wp-content\/uploads\/2024\/02\/Visuel-RSE-social-768x292.png 768w, https:\/\/ritme.com\/wp-content\/uploads\/2024\/02\/Visuel-RSE-social.png 1196w\" sizes=\"auto, (max-width: 1024px) 100vw, 1024px\" \/><\/figure>\n<\/div><\/div>\n<\/div><\/section>\n\n\n\n<div class=\"wp-block-getwid-advanced-spacer\" style=\"height:40px\" aria-hidden=\"true\"><\/div>\n\n\n\n<section class=\"wp-block-uagb-columns uagb-columns__wrap uagb-columns__background-none uagb-columns__stack-mobile uagb-columns__valign-top uagb-columns__gap-10 align uagb-block-25320b1c uagb-columns__columns-2 uagb-columns__max_width-theme\"><div class=\"uagb-columns__overlay\"><\/div><div class=\"uagb-columns__inner-wrap uagb-columns__columns-2\">\n<div class=\"wp-block-uagb-column uagb-column__wrap uagb-column__background-undefined uagb-block-aedbb109\"><div class=\"uagb-column__overlay\"><\/div>\n<h3 class=\"wp-block-heading\" style=\"font-size:1.7rem\"><mark style=\"padding:0px;background-color:rgba(0, 0, 0, 0)\" class=\"has-inline-color has-ritme-blue-color\">Diversit\u00e0, inclusione e uguaglianza professionale<\/mark><\/h3>\n\n\n\n<div class=\"wp-block-getwid-advanced-spacer\" style=\"height:5px\" aria-hidden=\"true\"><\/div>\n\n\n\n<p>RITME promuove la diversit\u00e0 e la buona convivenza, in particolare attraverso l&#8217;impegno alla non discriminazione e alle pari opportunit\u00e0 di lavoro. Ci impegniamo ad attrarre, trattenere e promuovere le donne promuovere le donne in posizioni manageriali, consapevoli della loro sottorappresentazione nel settore digitale.<\/p>\n\n\n\n<div class=\"wp-block-getwid-advanced-spacer\" style=\"height:35px\" aria-hidden=\"true\"><\/div>\n\n\n\n<h3 class=\"wp-block-heading\" style=\"font-size:1.7rem\"><mark style=\"padding:0px;background-color:rgba(0, 0, 0, 0)\" class=\"has-inline-color has-ritme-blue-color\">Integrazione di nuovi collaboratori<\/mark><\/h3>\n\n\n\n<div class=\"wp-block-getwid-advanced-spacer\" style=\"height:5px\" aria-hidden=\"true\"><\/div>\n\n\n\n<p>Siamo convinti che il benessere e il successo dei nostri dipendenti inizino con un programma di inserimento efficace. A tutti i nuovi assunti viene assegnato un mentore per le prime settimane e beneficiano di un programma di inserimento completo che coinvolge tutti i reparti, per dare loro una panoramica delle nostre attivit\u00e0 e dei nostri processi.<\/p>\n\n\n\n<div class=\"wp-block-getwid-advanced-spacer\" style=\"height:35px\" aria-hidden=\"true\"><\/div>\n\n\n\n<h3 class=\"wp-block-heading\" style=\"font-size:1.7rem\"><mark style=\"padding:0px;background-color:rgba(0, 0, 0, 0)\" class=\"has-inline-color has-ritme-blue-color\">Sviluppo delle competenze<\/mark><\/h3>\n\n\n\n<div class=\"wp-block-getwid-advanced-spacer\" style=\"height:5px\" aria-hidden=\"true\"><\/div>\n\n\n\n<p>Per aiutare i nostri dipendenti a crescere, organizziamo regolarmente workshop aziendali per incoraggiare i nostri team a condividere le loro esperienze. Inoltre, durante i colloqui di valutazione annuali, lavoriamo con ogni dipendente per identificare le sue esigenze di formazione esterna, al fine di migliorare le sue competenze.<\/p>\n\n\n\n<div class=\"wp-block-getwid-advanced-spacer\" style=\"height:35px\" aria-hidden=\"true\"><\/div>\n\n\n\n<h3 class=\"wp-block-heading\" style=\"font-size:1.7rem\"><mark style=\"padding:0px;background-color:rgba(0, 0, 0, 0)\" class=\"has-inline-color has-ritme-blue-color\">Sviluppo di carriera<\/mark><\/h3>\n\n\n\n<div class=\"wp-block-getwid-advanced-spacer\" style=\"height:5px\" aria-hidden=\"true\"><\/div>\n\n\n\n<p>La carriera dei nostri dipendenti viene monitorata attraverso colloqui regolari. Questo approccio ci permette di sviluppare i loro talenti, di sostenerli e di sfidarli a raggiungere i loro obiettivi di carriera. Crediamo fermamente che la comunicazione sia essenziale per uno sviluppo di carriera soddisfacente e di successo.<\/p>\n<\/div>\n\n\n\n<div class=\"wp-block-uagb-column uagb-column__wrap uagb-column__background-undefined uagb-block-b9425a29\"><div class=\"uagb-column__overlay\"><\/div>\n<h3 class=\"wp-block-heading\" style=\"font-size:1.7rem\"><mark style=\"padding:0px;background-color:rgba(0, 0, 0, 0)\" class=\"has-inline-color has-ritme-blue-color\">Condizioni di lavoro<\/mark><\/h3>\n\n\n\n<div class=\"wp-block-getwid-advanced-spacer\" style=\"height:5px\" aria-hidden=\"true\"><\/div>\n\n\n\n<p>Attribuiamo grande importanza all&#8217;offerta di condizioni ottimali per i nostri dipendenti. I gruppi di lavoro si riuniscono per definire gli investimenti necessari in locali, spazi abitativi e attrezzature per garantire un ambiente favorevole alla produttivit\u00e0 e al benessere. Garantiamo inoltre un buon equilibrio tra lavoro e vita privata, incoraggiando il diritto alla disconnessione e rispettando gli orari di lavoro.<\/p>\n\n\n\n<div class=\"wp-block-getwid-advanced-spacer\" style=\"height:35px\" aria-hidden=\"true\"><\/div>\n\n\n\n<h3 class=\"wp-block-heading\" style=\"font-size:1.7rem\"><mark style=\"padding:0px;background-color:rgba(0, 0, 0, 0)\" class=\"has-inline-color has-ritme-blue-color\">Sviluppo professionale<\/mark><\/h3>\n\n\n\n<div class=\"wp-block-getwid-advanced-spacer\" style=\"height:5px\" aria-hidden=\"true\"><\/div>\n\n\n\n<p>Lo sviluppo professionale dei nostri dipendenti \u00e8 al centro delle nostre preoccupazioni. Per guidare ogni collaboratore nelle sue riflessioni professionali e aiutarlo a diventare protagonista attivo del proprio sviluppo, abbiamo introdotto un approccio basato sul &#8220;job crafting&#8221;, che pu\u00f2 essere definito come l&#8217;arte di modellare il proprio lavoro per renderlo pi\u00f9 significativo. Questo approccio iterativo e a lungo termine mira a rafforzare l&#8217;impegno e la realizzazione di ciascuno dei nostri membri.<\/p>\n\n\n\n<div class=\"wp-block-getwid-advanced-spacer\" style=\"height:35px\" aria-hidden=\"true\"><\/div>\n\n\n\n<h3 class=\"wp-block-heading\" style=\"font-size:1.7rem\"><mark style=\"padding:0px;background-color:rgba(0, 0, 0, 0)\" class=\"has-inline-color has-ritme-blue-color\">Organizzazione di eventi interni<\/mark><\/h3>\n\n\n\n<div class=\"wp-block-getwid-advanced-spacer\" style=\"height:5px\" aria-hidden=\"true\"><\/div>\n\n\n\n<p>Nel corso dell&#8217;anno organizziamo eventi interni per condividere momenti conviviali e rafforzare la coesione del team (serate aziendali, giochi, gare, eventi sportivi, ecc.).<\/p>\n<\/div>\n<\/div><\/section>\n\n\n\n<div class=\"wp-block-getwid-advanced-spacer\" style=\"height:45px\" aria-hidden=\"true\"><\/div>\n\n\n\n<section class=\"wp-block-uagb-columns uagb-columns__wrap uagb-columns__background-none uagb-columns__stack-mobile uagb-columns__valign- uagb-columns__gap-10 align uagb-block-2067749f uagb-columns__columns-1 uagb-columns__max_width-theme\"><div class=\"uagb-columns__overlay\"><\/div><div class=\"uagb-columns__inner-wrap uagb-columns__columns-1\">\n<div class=\"wp-block-uagb-column uagb-column__wrap uagb-column__background-undefined uagb-block-935fbe2f\"><div class=\"uagb-column__overlay\"><\/div>\n<hr class=\"wp-block-separator has-alpha-channel-opacity is-style-dots\"\/>\n<\/div>\n<\/div><\/section>\n\n\n\n<div class=\"wp-block-getwid-advanced-spacer\" style=\"height:40px\" aria-hidden=\"true\"><\/div>\n\n\n\n<h2 class=\"wp-block-heading has-text-align-center\" id=\"societal\" style=\"font-size:2.4rem\">Il nostro approccio alla societ\u00e0: lavorare per una societ\u00e0 pi\u00f9 equa<\/h2>\n\n\n\n<div class=\"wp-block-getwid-advanced-spacer\" style=\"height:40px\" aria-hidden=\"true\"><\/div>\n\n\n\n<section class=\"wp-block-uagb-columns uagb-columns__wrap uagb-columns__background-none uagb-columns__stack-mobile uagb-columns__valign-center uagb-columns__gap-10 align uagb-block-cf1a8e46 uagb-columns__columns-2 uagb-columns__max_width-theme\"><div class=\"uagb-columns__overlay\"><\/div><div class=\"uagb-columns__inner-wrap uagb-columns__columns-2\">\n<div class=\"wp-block-uagb-column uagb-column__wrap uagb-column__background-undefined uagb-block-33995c52\"><div class=\"uagb-column__overlay\"><\/div>\n<p>Da molti anni, RITME dimostra il suo impegno verso la societ\u00e0 attraverso iniziative di solidariet\u00e0 e di comunit\u00e0, dimostrando il suo impatto positivo e duraturo.<\/p>\n\n\n\n<p>Collaboriamo con diverse organizzazioni caritatevoli e umanitarie, tra cui la <a href=\"https:\/\/ritme.com\/soutien-au-peuple-marocain\/\"><mark style=\"padding:0px;background-color:rgba(0, 0, 0, 0)\" class=\"has-inline-color has-ritme-blue-color\">Croce Rossa<\/mark><\/a> e <a href=\"https:\/\/ritme.com\/it\/rendez-vous-a-dakar\/\"><mark style=\"padding:0px;background-color:rgba(0, 0, 0, 0)\" class=\"has-inline-color has-ritme-blue-color\">M\u00e9c\u00e9nat Chirurgie Cardiaque<\/mark><\/a>, fornendo sostegno finanziario per i disastri naturali e per gli interventi chirurgici ai bambini svantaggiati in Africa.<\/p>\n\n\n\n<p>Inoltre, il nostro impegno \u00e8 dimostrato da azioni concrete che coinvolgono i nostri team, come le raccolte di abbigliamento e materiale scolastico in collaborazione con <a href=\"https:\/\/ritme.com\/it\/ritme-sostiene-emmaus-defi\/\"><mark style=\"padding:0px;background-color:rgba(0, 0, 0, 0)\" class=\"has-inline-color has-ritme-blue-color\">Emma\u00fcs D\u00e9fi<\/mark><\/a>, che promuove il reinserimento professionale.<\/p>\n<\/div>\n\n\n\n<div class=\"wp-block-uagb-column uagb-column__wrap uagb-column__background-undefined uagb-block-23a2040e\"><div class=\"uagb-column__overlay\"><\/div><div class=\"wp-block-image is-style-rounded\">\n<figure class=\"alignright size-full is-resized\"><img loading=\"lazy\" decoding=\"async\" width=\"508\" height=\"394\" src=\"https:\/\/ritme.com\/wp-content\/uploads\/2024\/02\/Visuel-RSE-societal.png\" alt=\"Notre d\u00e9marche soci\u00e9tale\" class=\"wp-image-37049\" style=\"width:auto;height:260px\" srcset=\"https:\/\/ritme.com\/wp-content\/uploads\/2024\/02\/Visuel-RSE-societal.png 508w, https:\/\/ritme.com\/wp-content\/uploads\/2024\/02\/Visuel-RSE-societal-500x388.png 500w\" sizes=\"auto, (max-width: 508px) 100vw, 508px\" \/><\/figure>\n<\/div><\/div>\n<\/div><\/section>\n\n\n\n<div class=\"wp-block-getwid-advanced-spacer\" style=\"height:45px\" aria-hidden=\"true\"><\/div>\n\n\n\n<section class=\"wp-block-uagb-columns uagb-columns__wrap uagb-columns__background-none uagb-columns__stack-mobile uagb-columns__valign- uagb-columns__gap-10 align uagb-block-2008cdec uagb-columns__columns-1 uagb-columns__max_width-theme\"><div class=\"uagb-columns__overlay\"><\/div><div class=\"uagb-columns__inner-wrap uagb-columns__columns-1\">\n<div class=\"wp-block-uagb-column uagb-column__wrap uagb-column__background-undefined uagb-block-dde959eb\"><div class=\"uagb-column__overlay\"><\/div>\n<hr class=\"wp-block-separator has-alpha-channel-opacity is-style-dots\"\/>\n<\/div>\n<\/div><\/section>\n\n\n\n<div class=\"wp-block-getwid-advanced-spacer\" style=\"height:40px\" aria-hidden=\"true\"><\/div>\n\n\n\n<section class=\"wp-block-uagb-columns uagb-columns__wrap uagb-columns__background-color uagb-columns__stack-mobile uagb-columns__valign-center uagb-columns__gap-10 align uagb-block-40e0e011 uagb-columns__columns-1 uagb-columns__max_width-theme\"><div class=\"uagb-columns__overlay\"><\/div><div class=\"uagb-columns__inner-wrap uagb-columns__columns-1\">\n<div class=\"wp-block-uagb-column uagb-column__wrap uagb-column__background-undefined uagb-block-6e7e90c3\"><div class=\"uagb-column__overlay\"><\/div>\n<h2 class=\"wp-block-heading has-text-align-center\" id=\"environnemental\" style=\"font-size:2.4rem\">Il nostro approccio ambientale: agire in modo sostenibile per il pianeta<\/h2>\n<\/div>\n<\/div><\/section>\n\n\n\n<section class=\"wp-block-uagb-columns uagb-columns__wrap uagb-columns__background-color uagb-columns__stack-mobile uagb-columns__valign-top uagb-columns__gap-10 align uagb-block-7bfec18f uagb-columns__columns-3 uagb-columns__max_width-theme\"><div class=\"uagb-columns__overlay\"><\/div><div class=\"uagb-columns__inner-wrap uagb-columns__columns-3\">\n<div class=\"wp-block-uagb-column uagb-column__wrap uagb-column__background-color uagb-block-9230bedb\"><div class=\"uagb-column__overlay\"><\/div>\n<figure class=\"wp-block-image size-large is-resized\"><img loading=\"lazy\" decoding=\"async\" width=\"87\" height=\"94\" src=\"https:\/\/ritme.com\/wp-content\/uploads\/2024\/02\/picto-consommation-energie.svg\" alt=\"R\u00e9duction de notre consommation \u00e9nerg\u00e9tique\" class=\"wp-image-37087\" style=\"width:auto;height:75px\"\/><\/figure>\n\n\n\n<div class=\"wp-block-getwid-advanced-spacer\" style=\"height:35px\" aria-hidden=\"true\"><\/div>\n\n\n\n<h3 class=\"wp-block-heading\" style=\"font-size:1.7rem\"><strong>Riduzione del consumo energetico<\/strong><\/h3>\n\n\n\n<div class=\"wp-block-getwid-advanced-spacer\" style=\"height:10px\" aria-hidden=\"true\"><\/div>\n\n\n\n<p>Attribuiamo grande importanza alla riduzione del nostro consumo energetico. A tal fine, attuiamo quotidianamente iniziative concrete, come la sensibilizzazione dei nostri team alle azioni ecologiche o l&#8217;installazione di apparecchiature a risparmio energetico, come i sensori di movimento per l&#8217;illuminazione delle aree comuni.<\/p>\n<\/div>\n\n\n\n<div class=\"wp-block-uagb-column uagb-column__wrap uagb-column__background-color uagb-block-7dae5698\"><div class=\"uagb-column__overlay\"><\/div>\n<figure class=\"wp-block-image size-large is-resized\"><img loading=\"lazy\" decoding=\"async\" width=\"105\" height=\"94\" src=\"https:\/\/ritme.com\/wp-content\/uploads\/2024\/02\/picto-dematerialisation-document.svg\" alt=\"D\u00e9mat\u00e9rialisation de nos documents\" class=\"wp-image-37092\" style=\"width:auto;height:75px\"\/><\/figure>\n\n\n\n<div class=\"wp-block-getwid-advanced-spacer\" style=\"height:35px\" aria-hidden=\"true\"><\/div>\n\n\n\n<h3 class=\"wp-block-heading\" style=\"font-size:1.7rem\"><strong>Dematerializzazione dei nostri documenti<\/strong><\/h3>\n\n\n\n<div class=\"wp-block-getwid-advanced-spacer\" style=\"height:10px\" aria-hidden=\"true\"><\/div>\n\n\n\n<p>Di fronte all&#8217;impatto della carta sull&#8217;ambiente, abbiamo adottato una serie di misure per ridurre la nostra impronta di carbonio. Come ad esempio la riduzione della quantit\u00e0 di carta stampata, l&#8217;adozione di buste paga e fatture elettroniche e la sostituzione dei buoni pasto con carte di pagamento. Inoltre, offriamo ai nostri clienti un software aziendale che consente loro di digitalizzare i processi.<\/p>\n<\/div>\n\n\n\n<div class=\"wp-block-uagb-column uagb-column__wrap uagb-column__background-color uagb-block-78f6d3fa\"><div class=\"uagb-column__overlay\"><\/div>\n<figure class=\"wp-block-image size-large is-resized\"><img loading=\"lazy\" decoding=\"async\" width=\"81\" height=\"94\" src=\"https:\/\/ritme.com\/wp-content\/uploads\/2024\/02\/picto-collecte-revalorisation-mobilier.svg\" alt=\"Collecte et revalorisation de notre mobilier\" class=\"wp-image-37096\" style=\"width:auto;height:75px\"\/><\/figure>\n\n\n\n<div class=\"wp-block-getwid-advanced-spacer\" style=\"height:35px\" aria-hidden=\"true\"><\/div>\n\n\n\n<h3 class=\"wp-block-heading\" style=\"font-size:1.7rem\"><strong>Raccolta e riciclaggio dei nostri mobili<\/strong><\/h3>\n\n\n\n<div class=\"wp-block-getwid-advanced-spacer\" style=\"height:10px\" aria-hidden=\"true\"><\/div>\n\n\n\n<p>Diamo una seconda vita ai nostri mobili obsoleti collaborando con organizzazioni ecologiche locali specializzate nella raccolta, nel ricondizionamento e nel riciclaggio dei rifiuti specializzate nella raccolta, nel ricondizionamento e nel riciclaggio degli elementi di scarto dei mobili. Questa iniziativa consente di reintegrare i mobili ricondizionati nel mercato del ricondizionamento.<\/p>\n<\/div>\n<\/div><\/section>\n\n\n\n<div class=\"wp-block-getwid-advanced-spacer\" style=\"height:45px\" aria-hidden=\"true\"><\/div>\n\n\n\n<section class=\"wp-block-uagb-columns uagb-columns__wrap uagb-columns__background-none uagb-columns__stack-mobile uagb-columns__valign- uagb-columns__gap-10 align uagb-block-bdd85408 uagb-columns__columns-1 uagb-columns__max_width-theme\"><div class=\"uagb-columns__overlay\"><\/div><div class=\"uagb-columns__inner-wrap uagb-columns__columns-1\">\n<div class=\"wp-block-uagb-column uagb-column__wrap uagb-column__background-undefined uagb-block-4413b742\"><div class=\"uagb-column__overlay\"><\/div>\n<hr class=\"wp-block-separator has-alpha-channel-opacity is-style-dots\"\/>\n<\/div>\n<\/div><\/section>\n\n\n\n<div class=\"wp-block-getwid-advanced-spacer\" style=\"height:40px\" aria-hidden=\"true\"><\/div>\n\n\n\n<h2 class=\"wp-block-heading has-text-align-center\" id=\"economique\" style=\"font-size:2.4rem\">Il nostro approccio aziendale: costruire un modello sostenibile<\/h2>\n\n\n\n<div class=\"wp-block-getwid-advanced-spacer\" style=\"height:40px\" aria-hidden=\"true\"><\/div>\n\n\n\n<section class=\"wp-block-uagb-columns uagb-columns__wrap uagb-columns__background-none uagb-columns__stack-mobile uagb-columns__valign-center uagb-columns__gap-10 align uagb-block-f1f7a4d6 uagb-columns__columns-2 uagb-columns__max_width-theme\"><div class=\"uagb-columns__overlay\"><\/div><div class=\"uagb-columns__inner-wrap uagb-columns__columns-2\">\n<div class=\"wp-block-uagb-column uagb-column__wrap uagb-column__background-undefined uagb-block-bbf3d0a3\"><div class=\"uagb-column__overlay\"><\/div>\n<figure class=\"wp-block-image size-full is-style-rounded\"><img loading=\"lazy\" decoding=\"async\" width=\"508\" height=\"545\" src=\"https:\/\/ritme.com\/wp-content\/uploads\/2024\/02\/Visuel-RSE-economique-1.png\" alt=\"\" class=\"wp-image-37125\" srcset=\"https:\/\/ritme.com\/wp-content\/uploads\/2024\/02\/Visuel-RSE-economique-1.png 508w, https:\/\/ritme.com\/wp-content\/uploads\/2024\/02\/Visuel-RSE-economique-1-466x500.png 466w\" sizes=\"auto, (max-width: 508px) 100vw, 508px\" \/><\/figure>\n<\/div>\n\n\n\n<div class=\"wp-block-uagb-column uagb-column__wrap uagb-column__background-undefined uagb-block-7d9f8193\"><div class=\"uagb-column__overlay\"><\/div>\n<p>In RITME ci impegniamo a trovare un equilibrio tra redditivit\u00e0 economica e rispetto per i nostri partner. Lavorando a stretto contatto con gli editori di software, diamo priorit\u00e0 a soluzioni tecnologiche sostenibili e ad alte prestazioni, che soddisfino le esigenze di ricercatori e scienziati. Adottiamo una strategia di prezzi su misura per gli studenti, la ricerca pubblica e accademica e la ricerca universitaria e alla ricerca accademica, per rendere accessibile l&#8217;innovazione.<\/p>\n\n\n\n<p>Il nostro impegno nella <a href=\"https:\/\/ritme.com\/it\/formazione\/\"><mark style=\"padding:0px;background-color:rgba(0, 0, 0, 0)\" class=\"has-inline-color has-ritme-blue-color\">formazione<\/mark><\/a>, in quanto organizzazione certificata QUALIOPI, garantisce l&#8217;eccellenza dei nostri servizi per gli operatori scientifici e della ricerca. I nostri formatori, che hanno sottoscritto un contratto, sono regolarmente monitorati per rispondere all&#8217;evoluzione delle esigenze e delle aspettative, assicurando una qualit\u00e0 costante del servizio.<\/p>\n\n\n\n<p>Il nostro comitato scientifico, composto da esperti di primo piano, contribuisce a sviluppare i metodi di lavoro di domani, abbinati a software innovativi. La competenza e l&#8217;impegno volontario dei membri di questo comitato vengono messi a frutto sostenendo le associazioni che si dedicano alla ricerca, al servizio del bene comune.<\/p>\n\n\n\n<p>Questo approccio \u00e8 perfettamente in linea con i valori di RITME, indicati dai nostri clienti come <strong>fiducia<\/strong>, <strong>competenza<\/strong> e <strong>sostenibilit\u00e0<\/strong>. Sottolineando il rispetto per i nostri partner finanziari e ponendo i ricercatori al centro della nostra strategia, lavoriamo per un futuro in cui l&#8217;innovazione contribuisca al progresso scientifico al servizio dell&#8217;umanit\u00e0.<\/p>\n<\/div>\n<\/div><\/section>\n\n\n\n<div class=\"decor-bg-wrapper fullwidth type_1\"><div class=\"decor-element\" style=\"top:0\"><div class=\"container\"><div class=\"colors\"> <\/div><\/div><\/div><\/div>\n\n\n\n<div class=\"wp-block-getwid-advanced-spacer\" style=\"height:80px\" aria-hidden=\"true\"><\/div>\n","protected":false},"excerpt":{"rendered":"<p>In qualit\u00e0 di distributore e integratore di soluzioni software per ricercatori e scienziati, RITME si impegna per un mondo digitale pi\u00f9 responsabile. Il nostro impegno per la Responsabilit\u00e0 Sociale d&#8217;Impresa (RSI) mira a migliorare il nostro impatto positivo sulla societ\u00e0, sull&#8217;ambiente e sui nostri clienti, partner e dipendenti. Questo obiettivo viene raggiunto attraverso iniziative sociali, societarie, ambientali ed economiche.<\/p>\n","protected":false},"author":3370,"featured_media":0,"parent":2897,"menu_order":60,"comment_status":"closed","ping_status":"closed","template":"","meta":{"_acf_changed":false,"inline_featured_image":false,"_uag_custom_page_level_css":"","footnotes":""},"class_list":["post-40256","page","type-page","status-publish","hentry"],"acf":[],"yoast_head":"<!-- This site is optimized with the Yoast SEO plugin v27.4 - https:\/\/yoast.com\/product\/yoast-seo-wordpress\/ -->\n<title>Il nostro approccio RSI - RITME<\/title>\n<meta name=\"description\" content=\"Per saperne di pi\u00f9 sul nostro approccio alla RSI, che mira a migliorare il nostro impatto positivo sulla societ\u00e0, sull&#039;ambiente e sui nostri clienti, partner e dipendenti.\" \/>\n<meta name=\"robots\" content=\"index, follow, max-snippet:-1, max-image-preview:large, max-video-preview:-1\" \/>\n<link rel=\"canonical\" href=\"https:\/\/ritme.com\/it\/chi-siamo\/approccio-rsi\/\" \/>\n<meta property=\"og:locale\" content=\"it_IT\" \/>\n<meta property=\"og:type\" content=\"article\" \/>\n<meta property=\"og:title\" content=\"Il nostro approccio RSI - RITME\" \/>\n<meta property=\"og:description\" content=\"Per saperne di pi\u00f9 sul nostro approccio alla RSI, che mira a migliorare il nostro impatto positivo sulla societ\u00e0, sull&#039;ambiente e sui nostri clienti, partner e dipendenti.\" \/>\n<meta property=\"og:url\" content=\"https:\/\/ritme.com\/it\/chi-siamo\/approccio-rsi\/\" \/>\n<meta property=\"og:site_name\" content=\"RITME\" \/>\n<meta property=\"article:modified_time\" content=\"2024-06-18T08:23:46+00:00\" \/>\n<meta property=\"og:image\" content=\"https:\/\/ritme.com\/wp-content\/uploads\/2024\/02\/Visuel-RSE-intro-02.png\" \/>\n<meta name=\"twitter:card\" content=\"summary_large_image\" \/>\n<meta name=\"twitter:label1\" content=\"Tempo di lettura stimato\" \/>\n\t<meta name=\"twitter:data1\" content=\"7 minuti\" \/>\n<script type=\"application\/ld+json\" class=\"yoast-schema-graph\">{\"@context\":\"https:\\\/\\\/schema.org\",\"@graph\":[{\"@type\":\"WebPage\",\"@id\":\"https:\\\/\\\/ritme.com\\\/it\\\/chi-siamo\\\/approccio-rsi\\\/\",\"url\":\"https:\\\/\\\/ritme.com\\\/it\\\/chi-siamo\\\/approccio-rsi\\\/\",\"name\":\"Il nostro approccio RSI - RITME\",\"isPartOf\":{\"@id\":\"https:\\\/\\\/ritme.com\\\/it\\\/#website\"},\"primaryImageOfPage\":{\"@id\":\"https:\\\/\\\/ritme.com\\\/it\\\/chi-siamo\\\/approccio-rsi\\\/#primaryimage\"},\"image\":{\"@id\":\"https:\\\/\\\/ritme.com\\\/it\\\/chi-siamo\\\/approccio-rsi\\\/#primaryimage\"},\"thumbnailUrl\":\"https:\\\/\\\/ritme.com\\\/wp-content\\\/uploads\\\/2024\\\/02\\\/Visuel-RSE-intro-02.png\",\"datePublished\":\"2024-02-08T13:34:22+00:00\",\"dateModified\":\"2024-06-18T08:23:46+00:00\",\"description\":\"Per saperne di pi\u00f9 sul nostro approccio alla RSI, che mira a migliorare il nostro impatto positivo sulla societ\u00e0, sull'ambiente e sui nostri clienti, partner e dipendenti.\",\"breadcrumb\":{\"@id\":\"https:\\\/\\\/ritme.com\\\/it\\\/chi-siamo\\\/approccio-rsi\\\/#breadcrumb\"},\"inLanguage\":\"it-IT\",\"potentialAction\":[{\"@type\":\"ReadAction\",\"target\":[\"https:\\\/\\\/ritme.com\\\/it\\\/chi-siamo\\\/approccio-rsi\\\/\"]}]},{\"@type\":\"ImageObject\",\"inLanguage\":\"it-IT\",\"@id\":\"https:\\\/\\\/ritme.com\\\/it\\\/chi-siamo\\\/approccio-rsi\\\/#primaryimage\",\"url\":\"https:\\\/\\\/ritme.com\\\/wp-content\\\/uploads\\\/2024\\\/02\\\/Visuel-RSE-intro-02.png\",\"contentUrl\":\"https:\\\/\\\/ritme.com\\\/wp-content\\\/uploads\\\/2024\\\/02\\\/Visuel-RSE-intro-02.png\"},{\"@type\":\"BreadcrumbList\",\"@id\":\"https:\\\/\\\/ritme.com\\\/it\\\/chi-siamo\\\/approccio-rsi\\\/#breadcrumb\",\"itemListElement\":[{\"@type\":\"ListItem\",\"position\":1,\"name\":\"Home\",\"item\":\"https:\\\/\\\/ritme.com\\\/it\\\/\"},{\"@type\":\"ListItem\",\"position\":2,\"name\":\"Chi siamo\",\"item\":\"https:\\\/\\\/ritme.com\\\/it\\\/chi-siamo\\\/\"},{\"@type\":\"ListItem\",\"position\":3,\"name\":\"Approccio RSI\"}]},{\"@type\":\"WebSite\",\"@id\":\"https:\\\/\\\/ritme.com\\\/it\\\/#website\",\"url\":\"https:\\\/\\\/ritme.com\\\/it\\\/\",\"name\":\"RITME\",\"description\":\"Il partner strategico dei team di ricerca\",\"publisher\":{\"@id\":\"https:\\\/\\\/ritme.com\\\/it\\\/#organization\"},\"potentialAction\":[{\"@type\":\"SearchAction\",\"target\":{\"@type\":\"EntryPoint\",\"urlTemplate\":\"https:\\\/\\\/ritme.com\\\/it\\\/?s={search_term_string}\"},\"query-input\":{\"@type\":\"PropertyValueSpecification\",\"valueRequired\":true,\"valueName\":\"search_term_string\"}}],\"inLanguage\":\"it-IT\"},{\"@type\":\"Organization\",\"@id\":\"https:\\\/\\\/ritme.com\\\/it\\\/#organization\",\"name\":\"RITME\",\"url\":\"https:\\\/\\\/ritme.com\\\/it\\\/\",\"logo\":{\"@type\":\"ImageObject\",\"inLanguage\":\"it-IT\",\"@id\":\"https:\\\/\\\/ritme.com\\\/it\\\/#\\\/schema\\\/logo\\\/image\\\/\",\"url\":\"https:\\\/\\\/ritme.com\\\/wp-content\\\/uploads\\\/2021\\\/06\\\/Ritme_200x86.svg\",\"contentUrl\":\"https:\\\/\\\/ritme.com\\\/wp-content\\\/uploads\\\/2021\\\/06\\\/Ritme_200x86.svg\",\"caption\":\"RITME\"},\"image\":{\"@id\":\"https:\\\/\\\/ritme.com\\\/it\\\/#\\\/schema\\\/logo\\\/image\\\/\"}}]}<\/script>\n<!-- \/ Yoast SEO plugin. -->","yoast_head_json":{"title":"Il nostro approccio RSI - RITME","description":"Per saperne di pi\u00f9 sul nostro approccio alla RSI, che mira a migliorare il nostro impatto positivo sulla societ\u00e0, sull'ambiente e sui nostri clienti, partner e dipendenti.","robots":{"index":"index","follow":"follow","max-snippet":"max-snippet:-1","max-image-preview":"max-image-preview:large","max-video-preview":"max-video-preview:-1"},"canonical":"https:\/\/ritme.com\/it\/chi-siamo\/approccio-rsi\/","og_locale":"it_IT","og_type":"article","og_title":"Il nostro approccio RSI - RITME","og_description":"Per saperne di pi\u00f9 sul nostro approccio alla RSI, che mira a migliorare il nostro impatto positivo sulla societ\u00e0, sull'ambiente e sui nostri clienti, partner e dipendenti.","og_url":"https:\/\/ritme.com\/it\/chi-siamo\/approccio-rsi\/","og_site_name":"RITME","article_modified_time":"2024-06-18T08:23:46+00:00","og_image":[{"url":"https:\/\/ritme.com\/wp-content\/uploads\/2024\/02\/Visuel-RSE-intro-02.png","type":"","width":"","height":""}],"twitter_card":"summary_large_image","twitter_misc":{"Tempo di lettura stimato":"7 minuti"},"schema":{"@context":"https:\/\/schema.org","@graph":[{"@type":"WebPage","@id":"https:\/\/ritme.com\/it\/chi-siamo\/approccio-rsi\/","url":"https:\/\/ritme.com\/it\/chi-siamo\/approccio-rsi\/","name":"Il nostro approccio RSI - RITME","isPartOf":{"@id":"https:\/\/ritme.com\/it\/#website"},"primaryImageOfPage":{"@id":"https:\/\/ritme.com\/it\/chi-siamo\/approccio-rsi\/#primaryimage"},"image":{"@id":"https:\/\/ritme.com\/it\/chi-siamo\/approccio-rsi\/#primaryimage"},"thumbnailUrl":"https:\/\/ritme.com\/wp-content\/uploads\/2024\/02\/Visuel-RSE-intro-02.png","datePublished":"2024-02-08T13:34:22+00:00","dateModified":"2024-06-18T08:23:46+00:00","description":"Per saperne di pi\u00f9 sul nostro approccio alla RSI, che mira a migliorare il nostro impatto positivo sulla societ\u00e0, sull'ambiente e sui nostri clienti, partner e dipendenti.","breadcrumb":{"@id":"https:\/\/ritme.com\/it\/chi-siamo\/approccio-rsi\/#breadcrumb"},"inLanguage":"it-IT","potentialAction":[{"@type":"ReadAction","target":["https:\/\/ritme.com\/it\/chi-siamo\/approccio-rsi\/"]}]},{"@type":"ImageObject","inLanguage":"it-IT","@id":"https:\/\/ritme.com\/it\/chi-siamo\/approccio-rsi\/#primaryimage","url":"https:\/\/ritme.com\/wp-content\/uploads\/2024\/02\/Visuel-RSE-intro-02.png","contentUrl":"https:\/\/ritme.com\/wp-content\/uploads\/2024\/02\/Visuel-RSE-intro-02.png"},{"@type":"BreadcrumbList","@id":"https:\/\/ritme.com\/it\/chi-siamo\/approccio-rsi\/#breadcrumb","itemListElement":[{"@type":"ListItem","position":1,"name":"Home","item":"https:\/\/ritme.com\/it\/"},{"@type":"ListItem","position":2,"name":"Chi siamo","item":"https:\/\/ritme.com\/it\/chi-siamo\/"},{"@type":"ListItem","position":3,"name":"Approccio RSI"}]},{"@type":"WebSite","@id":"https:\/\/ritme.com\/it\/#website","url":"https:\/\/ritme.com\/it\/","name":"RITME","description":"Il partner strategico dei team di ricerca","publisher":{"@id":"https:\/\/ritme.com\/it\/#organization"},"potentialAction":[{"@type":"SearchAction","target":{"@type":"EntryPoint","urlTemplate":"https:\/\/ritme.com\/it\/?s={search_term_string}"},"query-input":{"@type":"PropertyValueSpecification","valueRequired":true,"valueName":"search_term_string"}}],"inLanguage":"it-IT"},{"@type":"Organization","@id":"https:\/\/ritme.com\/it\/#organization","name":"RITME","url":"https:\/\/ritme.com\/it\/","logo":{"@type":"ImageObject","inLanguage":"it-IT","@id":"https:\/\/ritme.com\/it\/#\/schema\/logo\/image\/","url":"https:\/\/ritme.com\/wp-content\/uploads\/2021\/06\/Ritme_200x86.svg","contentUrl":"https:\/\/ritme.com\/wp-content\/uploads\/2021\/06\/Ritme_200x86.svg","caption":"RITME"},"image":{"@id":"https:\/\/ritme.com\/it\/#\/schema\/logo\/image\/"}}]}},"uagb_featured_image_src":{"full":false,"thumbnail":false,"medium":false,"medium_large":false,"large":false,"1536x1536":false,"2048x2048":false},"uagb_author_info":{"display_name":"Olivier Ritme","author_link":"https:\/\/ritme.com\/it\/author\/olivier\/"},"uagb_comment_info":0,"uagb_excerpt":"In qualit\u00e0 di distributore e integratore di soluzioni software per ricercatori e scienziati, RITME si impegna per un mondo digitale pi\u00f9 responsabile. Il nostro impegno per la Responsabilit\u00e0 Sociale d'Impresa (RSI) mira a migliorare il nostro impatto positivo sulla societ\u00e0, sull'ambiente e sui nostri clienti, partner e dipendenti. Questo obiettivo viene raggiunto attraverso iniziative sociali,&hellip;","_links":{"self":[{"href":"https:\/\/ritme.com\/it\/wp-json\/wp\/v2\/pages\/40256","targetHints":{"allow":["GET"]}}],"collection":[{"href":"https:\/\/ritme.com\/it\/wp-json\/wp\/v2\/pages"}],"about":[{"href":"https:\/\/ritme.com\/it\/wp-json\/wp\/v2\/types\/page"}],"author":[{"embeddable":true,"href":"https:\/\/ritme.com\/it\/wp-json\/wp\/v2\/users\/3370"}],"replies":[{"embeddable":true,"href":"https:\/\/ritme.com\/it\/wp-json\/wp\/v2\/comments?post=40256"}],"version-history":[{"count":2,"href":"https:\/\/ritme.com\/it\/wp-json\/wp\/v2\/pages\/40256\/revisions"}],"predecessor-version":[{"id":40259,"href":"https:\/\/ritme.com\/it\/wp-json\/wp\/v2\/pages\/40256\/revisions\/40259"}],"up":[{"embeddable":true,"href":"https:\/\/ritme.com\/it\/wp-json\/wp\/v2\/pages\/2897"}],"wp:attachment":[{"href":"https:\/\/ritme.com\/it\/wp-json\/wp\/v2\/media?parent=40256"}],"curies":[{"name":"wp","href":"https:\/\/api.w.org\/{rel}","templated":true}]}}